{"id":7952,"date":"2022-12-21T09:13:01","date_gmt":"2022-12-21T08:13:01","guid":{"rendered":"https:\/\/www.ferrieres-paris.com\/?page_id=7952"},"modified":"2022-12-22T15:44:39","modified_gmt":"2022-12-22T14:44:39","slug":"terms-and-conditions","status":"publish","type":"page","link":"https:\/\/ferrieres-paris.devsecureweb.com\/en\/terms-and-conditions\/","title":{"rendered":"Terms and Conditions"},"content":{"rendered":" <p>Le nouveau r\u00e8glement europ\u00e9en 2016\/679 du 24 avril 2016 sur la protection des donn\u00e9es personnelles (RGPD) est entr\u00e9 en application le 25 mai 2018. Son objectif est de responsabiliser les entreprises et de renforcer les droits des personnes physiques.<\/p> <p>L&#8217;Ecole Ferri\u00e8res, sise Rue du Ch\u00e2teau, 77164 Ferri\u00e8res-en-Brie s\u2019engage \u00e0 respecter la vie priv\u00e9e des personnes physiques.<\/p> <p>Cette note sur la protection des donn\u00e9es personnelles vous explique la nature des donn\u00e9es personnelles trait\u00e9es ainsi que l\u2019usage qui en est fait.<\/p> <div style=\"height:20px\" aria-hidden=\"true\" class=\"wp-block-spacer\"><\/div> <p><strong>1- QUELLES DONNEES PERSONNELLES TRAITONS-NOUS ?<\/strong><\/p> <p>Conform\u00e9ment \u00e0 l\u2019article 5 du RGPD, nous ne traitons que les donn\u00e9es n\u00e9cessaires \u00e0 la gestion de votre compte utilisateur:<\/p> <ul class=\"wp-block-list\"> <li>\u2022 Nom, pr\u00e9nom<\/li> <li>\u2022 Adresse email<\/li> <li>\u2022 Num\u00e9ro de t\u00e9l\u00e9phone<\/li> <li>\u2022 Carte Bancaire<\/li> <\/ul> <p>Nous ne traitons jamais les donn\u00e9es relatives \u00e0 vos origines raciales ou ethniques, vos opinions politiques, votre religion, vos convictions philosophiques ou l\u2019appartenance syndicale, au traitement des donn\u00e9es g\u00e9n\u00e9tiques, votre vie sexuelle ou orientation sexuelle.<\/p> <div style=\"height:20px\" aria-hidden=\"true\" class=\"wp-block-spacer\"><\/div> <p><strong>2- OU CES DONNEES SONT-ELLES STOCKEES ?<\/strong><\/p> <p>Ces donn\u00e9es sont stock\u00e9es dans nos serveurs internes s\u00e9curis\u00e9s.<\/p> <div style=\"height:20px\" aria-hidden=\"true\" class=\"wp-block-spacer\"><\/div> <p><strong>3- QUI A ACCES A VOS DONNEES ET A QUI PEUVENT-ELLES ETRE DIVULGUEES ?<\/strong><\/p> <p>Seul le Responsable de Traitement de notre soci\u00e9t\u00e9 a un acc\u00e8s permanent \u00e0 vos donn\u00e9es personnelles.<\/p> <p>Afin d\u2019accomplir les finalit\u00e9s pr\u00e9cit\u00e9es et pour se conformer \u00e0 nos obligations l\u00e9gales et r\u00e9glementaires, le Responsable de Traitement peut \u00eatre amen\u00e9 \u00e0 divulguer vos donn\u00e9es personnelles uniquement aux :<\/p> <ul class=\"wp-block-list\"> <li>\u2022 Services administratifs internes de la soci\u00e9t\u00e9 qui sont tenus \u00e0 la plus stricte confidentialit\u00e9,<\/li> <li>\u2022 Aux sous-traitants (prestataires de services r\u00e9alisant des prestations pour notre compte tels que les fournisseurs d\u2019acc\u00e8s ou \u00e9diteurs de logiciels) qui sont eux-m\u00eames soumis \u00e0 la r\u00e9glementation RGPD,<\/li> <li>\u2022 Autorit\u00e9s financi\u00e8res, judiciaires ou agences d\u2019\u00c9tat, organismes publics, \u00e0 leur demande expresse et dans la limite de ce qui est permis par la r\u00e9glementation.<\/li> <\/ul> <div style=\"height:20px\" aria-hidden=\"true\" class=\"wp-block-spacer\"><\/div> <p><strong>4- PENDANT COMBIEN DE TEMPS CONSERVONS-NOUS VOS DONN\u00c9ES PERSONNELLES ?<\/strong><\/p> <p>Nous conservons vos donn\u00e9es personnelles pour la dur\u00e9e n\u00e9cessaire au respect des dispositions l\u00e9gales et r\u00e9glementaires applicables. Au-del\u00e0 de 5 ann\u00e9es apr\u00e8s la suppression de votre compte utilisateur, vos donn\u00e9es personnelles sont retir\u00e9es des serveurs de la soci\u00e9t\u00e9.<\/p> <div style=\"height:20px\" aria-hidden=\"true\" class=\"wp-block-spacer\"><\/div> <p><strong>5- QUELS SONT VOS DROITS ET DE QUELLE MANI\u00c8RE POUVEZ-VOUS LES EXERCER ?<\/strong><\/p> <p>Conform\u00e9ment \u00e0 la r\u00e9glementation applicable, vous disposez de diff\u00e9rents droits, \u00e0 savoir : \u2013 Droit d\u2019acc\u00e8s : vous pouvez obtenir des informations concernant le traitement de vos donn\u00e9es personnelles ainsi qu\u2019une copie de ces donn\u00e9es personnelles.<\/p> <ul class=\"wp-block-list\"> <li>\u2022 Droit de rectification : si vous estimez que vos donn\u00e9es personnelles sont inexactes ou incompl\u00e8tes, vous pouvez exiger que ces donn\u00e9es personnelles soient modifi\u00e9es en cons\u00e9quence.<\/li> <li>\u2022 Droit \u00e0 l\u2019effacement : vous pouvez exiger l\u2019effacement de vos donn\u00e9es personnelles dans la limite de ce qui est permis par la r\u00e9glementation.<\/li> <li>\u2022 Droit \u00e0 la limitation du traitement : vous pouvez demander la limitation de traitement de vos donn\u00e9es personnelles.<\/li> <li>\u2022 Droit d\u2019opposition : vous pouvez vous opposer au traitement de vos donn\u00e9es personnelles, pour des motifs li\u00e9s \u00e0 votre situation particuli\u00e8re. Vous disposez du droit absolu de vous opposer au traitement de vos donn\u00e9es personnelles.<\/li> <li>\u2022 Droit \u00e0 la portabilit\u00e9 de vos donn\u00e9es, quand ce droit est applicable, vous avez le droit que les donn\u00e9es personnelles que vous nous avez fournies vous soient rendues ou, lorsque cela est possible, techniquement, de les transf\u00e9rer \u00e0 un tiers.<\/li> <li>\u2022 Droit de retirer votre consentement : si vous avez donn\u00e9 votre consentement au traitement de vos donn\u00e9es personnelles, vous avez le droit de retirer votre consentement \u00e0 tout moment.<\/li> <\/ul> <p>Vous pouvez exercer les droits list\u00e9s ci-dessus et poser toute question en adressant un courriel \u00e0 rgpd@accelis.fr. Une r\u00e9ponse vous sera apport\u00e9e sous 2 jours ouvrables.<\/p> <p>Conform\u00e9ment \u00e0 la r\u00e9glementation applicable, vous \u00eates \u00e9galement en droit d\u2019introduire une r\u00e9clamation aupr\u00e8s de l\u2019autorit\u00e9 de contr\u00f4le comp\u00e9tente telle que la CNIL (Commission nationale de l\u2019informatique et des libert\u00e9s) en France.<\/p> <p>Dans un monde en constante \u00e9volution technologique et r\u00e9glementaire, nous actualiserons r\u00e9guli\u00e8rement cette notice.<\/p> ","protected":false},"excerpt":{"rendered":"<p>Le nouveau r\u00e8glement europ\u00e9en 2016\/679 du 24 avril 2016 sur la protection des donn\u00e9es personnelles (RGPD) est entr\u00e9 en application le 25 mai 2018. Son objectif est de responsabiliser les [&hellip;]<\/p>\n","protected":false},"author":10,"featured_media":0,"parent":0,"menu_order":0,"comment_status":"closed","ping_status":"closed","template":"page-terms-conditions.php","meta":{"_acf_changed":false,"content-type":"","inline_featured_image":false,"footnotes":""},"class_list":["post-7952","page","type-page","status-publish","hentry"],"acf":[],"_links":{"self":[{"href":"https:\/\/ferrieres-paris.devsecureweb.com\/en\/wp-json\/wp\/v2\/pages\/7952","targetHints":{"allow":["GET"]}}],"collection":[{"href":"https:\/\/ferrieres-paris.devsecureweb.com\/en\/wp-json\/wp\/v2\/pages"}],"about":[{"href":"https:\/\/ferrieres-paris.devsecureweb.com\/en\/wp-json\/wp\/v2\/types\/page"}],"author":[{"embeddable":true,"href":"https:\/\/ferrieres-paris.devsecureweb.com\/en\/wp-json\/wp\/v2\/users\/10"}],"replies":[{"embeddable":true,"href":"https:\/\/ferrieres-paris.devsecureweb.com\/en\/wp-json\/wp\/v2\/comments?post=7952"}],"version-history":[{"count":3,"href":"https:\/\/ferrieres-paris.devsecureweb.com\/en\/wp-json\/wp\/v2\/pages\/7952\/revisions"}],"predecessor-version":[{"id":7970,"href":"https:\/\/ferrieres-paris.devsecureweb.com\/en\/wp-json\/wp\/v2\/pages\/7952\/revisions\/7970"}],"wp:attachment":[{"href":"https:\/\/ferrieres-paris.devsecureweb.com\/en\/wp-json\/wp\/v2\/media?parent=7952"}],"curies":[{"name":"wp","href":"https:\/\/api.w.org\/{rel}","templated":true}]}}